{"id":1956,"date":"2014-01-14T09:18:51","date_gmt":"2014-01-14T09:18:51","guid":{"rendered":"http:\/\/improve-research.eu\/?page_id=1956"},"modified":"2014-05-09T12:24:52","modified_gmt":"2014-05-09T12:24:52","slug":"conference-programme","status":"publish","type":"page","link":"https:\/\/hosting.uantwerpen.be\/improve\/?page_id=1956","title":{"rendered":"Conference Programme"},"content":{"rendered":"<h2 align=\"center\">ImPRovE Mid-term Conference<\/h2>\n<h1 align=\"center\"><strong>The distributive impact of policies before and during the crisis<\/strong><\/h1>\n<h1 align=\"center\"><strong>Lessons for Europe 2020<\/strong><\/h1>\n<h2 align=\"center\"><\/h2>\n<h2 align=\"center\">Antwerp, 8 April 2014<\/h2>\n<p>&nbsp;<\/p>\n<p>[message_box title=&#8221;Downloads&#8221; color=&#8221;grey&#8221;]<\/p>\n<p><a href=\"https:\/\/www.dropbox.com\/s\/3ch6yy3hcgrlcr8\/Conference%20booklet_final.pdf\" target=\"_blank\">Click here downloading the conference booklet<\/a>.<\/p>\n<p><a href=\"https:\/\/www.dropbox.com\/sh\/tpjeojsbbl7gorx\/OE8qXagFW1\" target=\"_blank\">Pictures of the conference can be downloaded from here<\/a>.<\/p>\n<p><a href=\"https:\/\/www.dropbox.com\/sh\/g3rn77d9f54exm7\/AABpxBD683b0K3rNOTVMKK-Ya\" target=\"_blank\">All presentations can be downloaded from here<\/a>.<\/p>\n<p>[\/message_box]<\/p>\n<p>&nbsp;<\/p>\n<h1>Conference Programme<\/h1>\n<p>Preceding the main conference, two workshops will be organised to discuss topical research carried out in ImPRovE: a workshop on social innovation and a workshop on reference budgets developed in the ImPRovE project.<\/p>\n<p>&nbsp;<\/p>\n<p>09:30 am: <em>Start registration<\/em><\/p>\n<p>[message_box title=&#8221;Workshops, 10:00 am &#8211; 12:00 pm&#8221; color=&#8221;grey&#8221;]<\/p>\n<ul>\n<li><a href=\"https:\/\/hosting.uantwerpen.be\/improve\/?page_id=2177\" target=\"_blank\">Workshop on\u00a0<strong>Social Innovation<\/strong><\/a>, organised by Stijn Oosterlynck, Yuri Kazepov &amp; Andreas Novy<\/li>\n<li><a href=\"https:\/\/hosting.uantwerpen.be\/improve\/?page_id=2123\" target=\"_blank\">Workshop on\u00a0<strong>Reference Budgets<\/strong><\/a>, organised by B\u00e9r\u00e9nice Storms, Karel van den Bosch, Bea Cantillon &amp; Tim Goedem\u00e9<\/li>\n<li>Research seminar &#8220;<strong><a href=\"https:\/\/hosting.uantwerpen.be\/improve\/?page_id=2163\" target=\"_blank\">The impact of policies on child well-being in Europe<\/a><\/strong>&#8220;, organised by Frank Vandenbroucke, Tim Goedem\u00e9 and Gerlinde Verbist.<\/li>\n<\/ul>\n<p>[\/message_box]<\/p>\n<p>12:00 pm: <em>Lunch break \/ Start registration main conference<\/em><\/p>\n<p>[message_box title=&#8221;Opening session, 01:00 pm\u00a0&#8211;\u00a003:00 pm &#8221; color=&#8221;grey&#8221;]<\/p>\n<p>Chair: Prof. <strong>John Hills<\/strong> (LSE &#8211; CASE)<\/p>\n<p>&nbsp;<\/p>\n<p>Welcome address by Prof dr.\u00a0<strong>Bea Cantillon <\/strong>(University of Antwerp &#8211; CSB)<\/p>\n<p>&nbsp;<\/p>\n<p>Keynote speeches: <strong>The distributive impact of policies in the recent past<\/strong><\/p>\n<ul>\n<li>Prof. dr.\u00a0<strong>Holly Sutherland<\/strong>\u00a0 (University of Essex &#8211; ISER) \u00a0<em>A lost decade? Decomposing the effect of 2001-11 tax-benefit policy changes on the income distribution in EU countries<\/em><\/li>\n<li>Prof. dr.<strong> Manos Matsaganis<\/strong>\u00a0 \u00a0(Athens University of Economics and Business &#8211; PARU)\u00a0<em>The distributional effects of the crisis and austerity in seven EU countries<\/em><\/li>\n<\/ul>\n<div><\/div>\n<div>Discussants:<\/div>\n<div>Dr. <strong>Karel Van den Bosch<\/strong> (Federal Planning Bureau BE \/ University of Antwerp)<\/div>\n<div>Dr.\u00a0<strong>Gilles Mourre<\/strong> (European Commission, Head of Unit\u00a0Revenue management and tax policy issues)<\/div>\n<p>[\/message_box]<\/p>\n<p>03:00 pm: <em>Coffee break<\/em><\/p>\n<p>[message_box title=&#8221;Policy conclusions and lessons for Europe 2020, 03:30 pm\u00a0&#8211;\u00a005:30 pm, \u00a0&#8221; color=&#8221;grey&#8221;]<\/p>\n<p><em>Thoughts and comments from civil society and policy makers<\/em><\/p>\n<p>Chair: Prof. dr. <strong>Yuri Kazepov<\/strong> (University of Urbino)<\/p>\n<p>&nbsp;<\/p>\n<p>Presentations by:<\/p>\n<ul>\n<li><strong>Freek Spinnewijn<\/strong> (<a href=\"http:\/\/www.feantsa.org\/\" target=\"_blank\">FEANTSA<\/a>)<\/li>\n<li><strong>Robert Urb\u00e9<\/strong> (<a href=\"http:\/\/www.caritas.lu\/\" target=\"_blank\">CARITAS Luxembourg<\/a>)<\/li>\n<li><strong>Sian Jones<\/strong> (<a href=\"http:\/\/www.eapn.eu\/\" target=\"_blank\">EAPN<\/a>)<\/li>\n<li><strong>Max Conzemius <\/strong>(<a href=\"http:\/\/www.arbeitgeber.de\/www\/arbeitgeber.nsf\/id\/EN_Home\" target=\"_blank\">BDA<\/a>)<\/li>\n<li>dr.<strong> Lieve Fransen<\/strong> (<a href=\"http:\/\/ec.europa.eu\/social\/main.jsp?langId=en&amp;catId=956\" target=\"_blank\">European Commission, Director\u00a0Europe 2020: Social Policies<\/a>)<\/li>\n<\/ul>\n<div><\/div>\n<div>Closing speech by Prof. dr. <strong>Frank Vandenbroucke<\/strong> (KULeuven \/ University of Antwerp)\u00a0<em>A European Social Union: 10 tough nuts to crack<\/em><\/div>\n<p>[\/message_box]<\/p>\n<p>07:00 pm: <em>Networking Dinner<\/em><\/p>\n<p>&nbsp;<\/p>\n","protected":false},"excerpt":{"rendered":"<p>ImPRovE Mid-term Conference The distributive impact of policies before and during the crisis Lessons for Europe 2020 Antwerp, 8 April 2014 &nbsp; [message_box title=&#8221;Downloads&#8221; color=&#8221;grey&#8221;] Click here downloading the conference booklet. Pictures of the conference can be downloaded from here. All presentations can be downloaded from here. [\/message_box] &nbsp; Conference Programme Preceding the main conference,&#8230;<\/p>\n","protected":false},"author":4,"featured_media":0,"parent":0,"menu_order":0,"comment_status":"closed","ping_status":"open","template":"","meta":{"footnotes":""},"class_list":["post-1956","page","type-page","status-publish","hentry"],"_links":{"self":[{"href":"https:\/\/hosting.uantwerpen.be\/improve\/index.php?rest_route=\/wp\/v2\/pages\/1956","targetHints":{"allow":["GET"]}}],"collection":[{"href":"https:\/\/hosting.uantwerpen.be\/improve\/index.php?rest_route=\/wp\/v2\/pages"}],"about":[{"href":"https:\/\/hosting.uantwerpen.be\/improve\/index.php?rest_route=\/wp\/v2\/types\/page"}],"author":[{"embeddable":true,"href":"https:\/\/hosting.uantwerpen.be\/improve\/index.php?rest_route=\/wp\/v2\/users\/4"}],"replies":[{"embeddable":true,"href":"https:\/\/hosting.uantwerpen.be\/improve\/index.php?rest_route=%2Fwp%2Fv2%2Fcomments&post=1956"}],"version-history":[{"count":5,"href":"https:\/\/hosting.uantwerpen.be\/improve\/index.php?rest_route=\/wp\/v2\/pages\/1956\/revisions"}],"predecessor-version":[{"id":1976,"href":"https:\/\/hosting.uantwerpen.be\/improve\/index.php?rest_route=\/wp\/v2\/pages\/1956\/revisions\/1976"}],"wp:attachment":[{"href":"https:\/\/hosting.uantwerpen.be\/improve\/index.php?rest_route=%2Fwp%2Fv2%2Fmedia&parent=1956"}],"curies":[{"name":"wp","href":"https:\/\/api.w.org\/{rel}","templated":true}]}}